{"id":4349,"date":"2025-02-18T09:10:53","date_gmt":"2025-02-18T08:10:53","guid":{"rendered":"https:\/\/www.lehrmittelverlag.ch\/cms\/?page_id=4349"},"modified":"2025-02-18T09:10:54","modified_gmt":"2025-02-18T08:10:54","slug":"potz-honigtopf-und-besenstiel","status":"publish","type":"page","link":"https:\/\/lehrmittelverlag.ch\/cms\/verlag\/verlagsprogramm\/potz-honigtopf-und-besenstiel\/","title":{"rendered":"Potz Honigtopf und Besenstiel!"},"content":{"rendered":"","protected":false},"excerpt":{"rendered":"","protected":false},"author":4,"featured_media":0,"parent":67,"menu_order":7,"comment_status":"closed","ping_status":"closed","template":"","meta":{"_acf_changed":false,"inline_featured_image":false,"footnotes":""},"class_list":["post-4349","page","type-page","status-publish","hentry"],"acf":{"inhaltselemente":[{"acf_fc_layout":"two_cols","two_cols_flex_content_col_one":[{"acf_fc_layout":"text_element","text_element_":null,"text_element_text_element_titel":"Kinder k\u00f6nnen Umweltschutz","text_element_text_element_titel_typ":"2","text_element_text_element_titel_size":"5","text_element_text_element_titel_fake":false,"text_element_text_element_content":"Das Bilderbuch \u00abPotz Honigtopf und Besenstiel!\u00bb bietet einen guten Einstieg, um mit Kindern \u00fcber Umweltthemen wie Wiederverwertung, Abfallentsorgung, Littering, Schutz der Natur etc. zu sprechen, denn schon kleine Kinder kann man f\u00fcr unsere Umwelt sensibilisieren.\r\n\r\nDie Geschichte handelt vom Kobold Kobi, der Katze Pipa und der Fliege Surr. Die drei erleben einen turbulenten Tag. Dem ungeschickten Kobold misslingt alles. Es beginnt schon am Morgen in der K\u00fcche. Bei der Zubereitung des Fr\u00fchst\u00fccks ger\u00e4t alles ausser Kontrolle. Die Esswaren purzeln auf den Boden. Es herrscht ein riesiges Durcheinander! \u00abWas machen wir jetzt?\u00bb, fragt Kobi. Zum Gl\u00fcck helfen Pipa und Surr dem kleinen Kobold aus der Patsche. Auf dem Ausflug zum Weiher \u00fcberst\u00fcrzen sich dann die Ereignisse \u2026 Kobi lernt dabei viele neue Verhaltensweisen im Umgang mit unserer Umwelt.","text_element_text_element_text_size":"default"}],"two_cols_flex_content_col_two":[{"acf_fc_layout":"text_element","text_element_":null,"text_element_text_element_titel":"","text_element_text_element_titel_typ":"2","text_element_text_element_titel_size":"","text_element_text_element_titel_fake":false,"text_element_text_element_content":"<strong>Hinweis\r\n<\/strong>Wichtige Downloads und Zusatzmaterialien finden Sie unten auf dieser Seite.\r\n\r\n<strong>Autorinnen<\/strong>\r\nIllustration: Ursula Koller\r\nText: Ursula Rickli\r\n\r\n<a class=\"btn-arrow--up\" href=\"https:\/\/www.ursularickli.ch\/Meine-Lehrmittel\/Leseschlau\/mobile\/\" target=\"_blank\" rel=\"noopener\">www.ursularickli.ch<\/a>\r\n\r\n<strong>Lehrmittelberatung<\/strong>\r\nAndreas Hollenstein\r\n\r\n<a class=\"btn-arrow\" href=\"https:\/\/www.lehrmittelverlag.ch\/cms\/services\/lehrmittelberatung\/\" target=\"_blank\" rel=\"noopener\">Mehr erfahren<\/a>\r\n\r\n<strong>Support<\/strong>\r\nBei Fragen zum Webshop oder f\u00fcr medienp\u00e4dagogische Belange\r\n\r\n<a class=\"btn-arrow\" href=\"https:\/\/www.lehrmittelverlag.ch\/cms\/services\/support\/\" target=\"_blank\" rel=\"noopener\">Mehr erfahren<\/a>","text_element_text_element_text_size":"text-textnoserif"}],"two_cols_bgcolor":false,"two_cols_spaltenbreite":"two-third-one-third"},{"acf_fc_layout":"two_cols","two_cols_flex_content_col_one":[{"acf_fc_layout":"akkordeon_element","akkordeon_element_items":[{"acf_fc_layout":"akkordeon_element_items_item","akkordeon_element_items_item_titel_akkordeon_element_items_item_titel":"Altersstufe","akkordeon_element_items_item_content":[{"acf_fc_layout":"text_element","text_element_":null,"text_element_text_element_titel":"","text_element_text_element_titel_typ":"2","text_element_text_element_titel_size":"","text_element_text_element_titel_fake":false,"text_element_text_element_content":"Das Bilderbuch \u00abPotz Honigtopf und Besenstiel!\u00bb eignet sich f\u00fcr Kinder von 4 bis 8 Jahren. Der Text ist so einfach gehalten, dass auch Leseanf\u00e4ngerinnen und Leseanf\u00e4nger\u00a0ihn lesen und verstehen k\u00f6nnen.","text_element_text_element_text_size":"default"}]},{"acf_fc_layout":"akkordeon_element_items_item","akkordeon_element_items_item_titel_akkordeon_element_items_item_titel":"Didaktische Anregungen","akkordeon_element_items_item_content":[{"acf_fc_layout":"text_element","text_element_":null,"text_element_text_element_titel":"","text_element_text_element_titel_typ":"2","text_element_text_element_titel_size":"","text_element_text_element_titel_fake":false,"text_element_text_element_content":"Zum Vorlesen oder Erz\u00e4hlen des Bilderbuches gibt es didaktische Anregungen von Autorin Ursula Rickli, die Sie hier auf dieser Seite unter Downloads finden.","text_element_text_element_text_size":"default"}]},{"acf_fc_layout":"akkordeon_element_items_item","akkordeon_element_items_item_titel_akkordeon_element_items_item_titel":"Weitere Materialien zum Thema Umwelt","akkordeon_element_items_item_content":[{"acf_fc_layout":"text_element","text_element_":null,"text_element_text_element_titel":"","text_element_text_element_titel_typ":"2","text_element_text_element_titel_size":"","text_element_text_element_titel_fake":false,"text_element_text_element_content":"Beim Erstlese- und Schreiblehrmittel<a href=\"https:\/\/www.lehrmittelverlag.ch\/sortimentseiten\/lehrmittelreihen\/leseschlau\/?filter=reihe,leseschlau\" target=\"_blank\" rel=\"noopener\"> \u00abLeseschlau\u00bb<\/a> gibt es eine Geschichte zum Thema Umwelt (Lesetexte Auswahl 4), die Bezug zum Bilderbuch \u00abPotz Honigtopf und Besenstiel!\u00bb nimmt. Dazu gibt es die Umwelt-Werkstatt (Werkst\u00e4tten\/ Arbeitspl\u00e4ne Auswahl 4), damit sich die Kinder mit dem Thema vertieft auseinandersetzen k\u00f6nnen.","text_element_text_element_text_size":"default"}]}]}],"two_cols_flex_content_col_two":null,"two_cols_bgcolor":false,"two_cols_spaltenbreite":"two-third-one-third"},{"acf_fc_layout":"one_col","one_col_flex_content_col_one":[{"acf_fc_layout":"text_img_element","text_img_element_text":null,"text_img_element_text_element_titel":"Potz Honigtopf und Besenstiel!","text_img_element_text_element_titel_typ":"3","text_img_element_text_element_titel_size":"","text_img_element_text_element_titel_fake":false,"text_img_element_text_element_content":"<p class=\"paragraph-noserif\"><strong>Deutsch \/ DaZ<\/strong>\r\n<strong>Kindergarten<\/strong><\/p>\r\nDas Bilderbuch sensibilisiert Kinder von 4 bis 8 Jahren f\u00fcr Umweltthemen und spricht Themen wie Wiederverwertung, Abfallentsorgung, Littering, Schutz der Natur etc. an.\r\n\r\n<a class=\"btn-arrow\" href=\"https:\/\/www.lehrmittelverlag.ch\/potz-honigtopf-und-besenstiel-bilderbuch-ueber-umweltschutz\/1097000\" target=\"_blank\" rel=\"noopener\">Zum Shop<\/a>","text_img_element_bild":null,"text_img_element_image_element_image_element_image_element_image":4486,"text_img_element_image_element_image_element_image_element_lightbox":true,"text_img_element_events":null,"text_img_element_events_element_type_category_events_element_type_category_events_element_type_category":[],"text_img_element_events_element_topic_category_events_element_topic_category_events_element_topic_category":[],"text_img_element_events_element_amount_events_element_amount_events_element_amount":"","text_img_element_":null,"text_img_element_text_element_text_size":"default","text_img_element_text_img_element_spaltenbreite":"default","text_img_element_text_img_element_orientation":"default"}],"one_col_bgcolor":true},{"acf_fc_layout":"two_cols","two_cols_flex_content_col_one":[{"acf_fc_layout":"akkordeon_element","akkordeon_element_items":[{"acf_fc_layout":"akkordeon_element_items_item","akkordeon_element_items_item_titel_akkordeon_element_items_item_titel":"Weiterf\u00fchrende Links","akkordeon_element_items_item_content":[{"acf_fc_layout":"text_element","text_element_":null,"text_element_text_element_titel":"","text_element_text_element_titel_typ":"2","text_element_text_element_titel_size":"","text_element_text_element_titel_fake":false,"text_element_text_element_content":"Weitere Informationen finden Sie auf der Website der Autorin:\r\n\r\n<a class=\"btn-arrow--up\" href=\"https:\/\/www.ursularickli.ch\/Meine-Lehrmittel\/Leseschlau\/mobile\/\" target=\"_blank\" rel=\"noopener\">www.ursularickli.ch<\/a>\r\n\r\nMehr zu \u00abLeseschlau\u00bb erfahren Sie hier in unserem Verlagsprogramm:\r\n\r\n<a class=\"btn-arrow\" href=\"https:\/\/www.lehrmittelverlag.ch\/cms\/verlag\/verlagsprogramm\/leseschlau\/\" target=\"_blank\" rel=\"noopener\">Alles \u00fcber \u00abLeseschlau\u00bb<\/a>","text_element_text_element_text_size":"default"}]},{"acf_fc_layout":"akkordeon_element_items_item","akkordeon_element_items_item_titel_akkordeon_element_items_item_titel":"Download","akkordeon_element_items_item_content":[{"acf_fc_layout":"text_element","text_element_":null,"text_element_text_element_titel":"","text_element_text_element_titel_typ":"2","text_element_text_element_titel_size":"","text_element_text_element_titel_fake":false,"text_element_text_element_content":"<a class=\"btn-download\" href=\"https:\/\/www.lehrmittelverlag.ch\/cms\/wp-content\/uploads\/2025\/02\/155256_KDV_Bilderbuch_Didaktische_Anregungen.pdf\" target=\"_blank\" rel=\"noopener\">Didaktische Anregungen<\/a>","text_element_text_element_text_size":"default"}]}]}],"two_cols_flex_content_col_two":null,"two_cols_bgcolor":false,"two_cols_spaltenbreite":"two-third-one-third"}]},"yoast_head":"<!-- This site is optimized with the Yoast SEO plugin v27.4 - https:\/\/yoast.com\/product\/yoast-seo-wordpress\/ -->\n<title>Potz Honigtopf und Besenstiel! - Lehrmittelverlag St. Gallen<\/title>\n<meta name=\"description\" content=\"Das Bilderbuch \u00abPotz Honigtopf und Besenstiel!\u00bb bietet einen guten Einstieg, um mit Kindern \u00fcber Umweltthemen zu sprechen.\" \/>\n<meta name=\"robots\" content=\"index, follow, max-snippet:-1, max-image-preview:large, max-video-preview:-1\" \/>\n<link rel=\"canonical\" href=\"https:\/\/www.lehrmittelverlag.ch\/cms\/verlag\/verlagsprogramm\/potz-honigtopf-und-besenstiel\/\" \/>\n<meta property=\"og:locale\" content=\"de_DE\" \/>\n<meta property=\"og:type\" content=\"article\" \/>\n<meta property=\"og:title\" content=\"appolino\" \/>\n<meta property=\"og:description\" content=\"appolino - kindgerechte und didaktisch durchdachte Lern-Apps f\u00fcr Mathematik und Deutsch der ersten Schuljahre.\" \/>\n<meta property=\"og:url\" content=\"https:\/\/www.lehrmittelverlag.ch\/cms\/verlag\/verlagsprogramm\/potz-honigtopf-und-besenstiel\/\" \/>\n<meta property=\"og:site_name\" content=\"Lehrmittelverlag St. Gallen\" \/>\n<meta property=\"article:publisher\" content=\"https:\/\/www.facebook.com\/LehrmittelverlagSG\/\" \/>\n<meta property=\"article:modified_time\" content=\"2025-02-18T08:10:54+00:00\" \/>\n<meta property=\"og:image\" content=\"https:\/\/lehrmittelverlag.ch\/cms\/wp-content\/uploads\/2022\/11\/og-image-lmvsg.png\" \/>\n\t<meta property=\"og:image:width\" content=\"1200\" \/>\n\t<meta property=\"og:image:height\" content=\"630\" \/>\n\t<meta property=\"og:image:type\" content=\"image\/png\" \/>\n<meta name=\"twitter:card\" content=\"summary_large_image\" \/>\n<meta name=\"twitter:site\" content=\"@Lehrmittel_SG\" \/>\n<meta name=\"twitter:label1\" content=\"Gesch\u00e4tzte Lesezeit\" \/>\n\t<meta name=\"twitter:data1\" content=\"3\u00a0Minuten\" \/>\n<script type=\"application\/ld+json\" class=\"yoast-schema-graph\">{\"@context\":\"https:\\\/\\\/schema.org\",\"@graph\":[{\"@type\":\"WebPage\",\"@id\":\"https:\\\/\\\/www.lehrmittelverlag.ch\\\/cms\\\/verlag\\\/verlagsprogramm\\\/potz-honigtopf-und-besenstiel\\\/\",\"url\":\"https:\\\/\\\/www.lehrmittelverlag.ch\\\/cms\\\/verlag\\\/verlagsprogramm\\\/potz-honigtopf-und-besenstiel\\\/\",\"name\":\"Potz Honigtopf und Besenstiel! - Lehrmittelverlag St. Gallen\",\"isPartOf\":{\"@id\":\"https:\\\/\\\/www.lehrmittelverlag.ch\\\/cms\\\/#website\"},\"datePublished\":\"2025-02-18T08:10:53+00:00\",\"dateModified\":\"2025-02-18T08:10:54+00:00\",\"description\":\"Das Bilderbuch \u00abPotz Honigtopf und Besenstiel!\u00bb bietet einen guten Einstieg, um mit Kindern \u00fcber Umweltthemen zu sprechen.\",\"breadcrumb\":{\"@id\":\"https:\\\/\\\/www.lehrmittelverlag.ch\\\/cms\\\/verlag\\\/verlagsprogramm\\\/potz-honigtopf-und-besenstiel\\\/#breadcrumb\"},\"inLanguage\":\"de-CH\",\"potentialAction\":[{\"@type\":\"ReadAction\",\"target\":[\"https:\\\/\\\/www.lehrmittelverlag.ch\\\/cms\\\/verlag\\\/verlagsprogramm\\\/potz-honigtopf-und-besenstiel\\\/\"]}]},{\"@type\":\"BreadcrumbList\",\"@id\":\"https:\\\/\\\/www.lehrmittelverlag.ch\\\/cms\\\/verlag\\\/verlagsprogramm\\\/potz-honigtopf-und-besenstiel\\\/#breadcrumb\",\"itemListElement\":[{\"@type\":\"ListItem\",\"position\":1,\"name\":\"Shop\",\"item\":\"\\\/\"},{\"@type\":\"ListItem\",\"position\":2,\"name\":\"Verlag\",\"item\":\"https:\\\/\\\/www.lehrmittelverlag.ch\\\/cms\\\/verlag\\\/\"},{\"@type\":\"ListItem\",\"position\":3,\"name\":\"Verlagsprogramm\",\"item\":\"https:\\\/\\\/lehrmittelverlag.ch\\\/cms\\\/verlag\\\/verlagsprogramm\\\/\"},{\"@type\":\"ListItem\",\"position\":4,\"name\":\"Potz Honigtopf und Besenstiel!\"}]},{\"@type\":\"WebSite\",\"@id\":\"https:\\\/\\\/www.lehrmittelverlag.ch\\\/cms\\\/#website\",\"url\":\"https:\\\/\\\/www.lehrmittelverlag.ch\\\/cms\\\/\",\"name\":\"Lehrmittelverlag St. Gallen\",\"description\":\"\",\"publisher\":{\"@id\":\"https:\\\/\\\/www.lehrmittelverlag.ch\\\/cms\\\/#organization\"},\"potentialAction\":[{\"@type\":\"SearchAction\",\"target\":{\"@type\":\"EntryPoint\",\"urlTemplate\":\"https:\\\/\\\/www.lehrmittelverlag.ch\\\/cms\\\/?s={search_term_string}\"},\"query-input\":{\"@type\":\"PropertyValueSpecification\",\"valueRequired\":true,\"valueName\":\"search_term_string\"}}],\"inLanguage\":\"de-CH\"},{\"@type\":\"Organization\",\"@id\":\"https:\\\/\\\/www.lehrmittelverlag.ch\\\/cms\\\/#organization\",\"name\":\"Lehrmittelverlag St. Gallen\",\"url\":\"https:\\\/\\\/www.lehrmittelverlag.ch\\\/cms\\\/\",\"logo\":{\"@type\":\"ImageObject\",\"inLanguage\":\"de-CH\",\"@id\":\"https:\\\/\\\/www.lehrmittelverlag.ch\\\/cms\\\/#\\\/schema\\\/logo\\\/image\\\/\",\"url\":\"https:\\\/\\\/www.lehrmittelverlag.ch\\\/cms\\\/wp-content\\\/uploads\\\/2022\\\/11\\\/logo-lmvsg.png\",\"contentUrl\":\"https:\\\/\\\/www.lehrmittelverlag.ch\\\/cms\\\/wp-content\\\/uploads\\\/2022\\\/11\\\/logo-lmvsg.png\",\"width\":899,\"height\":349,\"caption\":\"Lehrmittelverlag St. Gallen\"},\"image\":{\"@id\":\"https:\\\/\\\/www.lehrmittelverlag.ch\\\/cms\\\/#\\\/schema\\\/logo\\\/image\\\/\"},\"sameAs\":[\"https:\\\/\\\/www.facebook.com\\\/LehrmittelverlagSG\\\/\",\"https:\\\/\\\/x.com\\\/Lehrmittel_SG\"]}]}<\/script>\n<!-- \/ Yoast SEO plugin. -->","yoast_head_json":{"title":"Potz Honigtopf und Besenstiel! - Lehrmittelverlag St. Gallen","description":"Das Bilderbuch \u00abPotz Honigtopf und Besenstiel!\u00bb bietet einen guten Einstieg, um mit Kindern \u00fcber Umweltthemen zu sprechen.","robots":{"index":"index","follow":"follow","max-snippet":"max-snippet:-1","max-image-preview":"max-image-preview:large","max-video-preview":"max-video-preview:-1"},"canonical":"https:\/\/www.lehrmittelverlag.ch\/cms\/verlag\/verlagsprogramm\/potz-honigtopf-und-besenstiel\/","og_locale":"de_DE","og_type":"article","og_title":"appolino","og_description":"appolino - kindgerechte und didaktisch durchdachte Lern-Apps f\u00fcr Mathematik und Deutsch der ersten Schuljahre.","og_url":"https:\/\/www.lehrmittelverlag.ch\/cms\/verlag\/verlagsprogramm\/potz-honigtopf-und-besenstiel\/","og_site_name":"Lehrmittelverlag St. Gallen","article_publisher":"https:\/\/www.facebook.com\/LehrmittelverlagSG\/","article_modified_time":"2025-02-18T08:10:54+00:00","og_image":[{"width":1200,"height":630,"url":"https:\/\/lehrmittelverlag.ch\/cms\/wp-content\/uploads\/2022\/11\/og-image-lmvsg.png","type":"image\/png"}],"twitter_card":"summary_large_image","twitter_site":"@Lehrmittel_SG","twitter_misc":{"Gesch\u00e4tzte Lesezeit":"3\u00a0Minuten"},"schema":{"@context":"https:\/\/schema.org","@graph":[{"@type":"WebPage","@id":"https:\/\/www.lehrmittelverlag.ch\/cms\/verlag\/verlagsprogramm\/potz-honigtopf-und-besenstiel\/","url":"https:\/\/www.lehrmittelverlag.ch\/cms\/verlag\/verlagsprogramm\/potz-honigtopf-und-besenstiel\/","name":"Potz Honigtopf und Besenstiel! - Lehrmittelverlag St. Gallen","isPartOf":{"@id":"https:\/\/www.lehrmittelverlag.ch\/cms\/#website"},"datePublished":"2025-02-18T08:10:53+00:00","dateModified":"2025-02-18T08:10:54+00:00","description":"Das Bilderbuch \u00abPotz Honigtopf und Besenstiel!\u00bb bietet einen guten Einstieg, um mit Kindern \u00fcber Umweltthemen zu sprechen.","breadcrumb":{"@id":"https:\/\/www.lehrmittelverlag.ch\/cms\/verlag\/verlagsprogramm\/potz-honigtopf-und-besenstiel\/#breadcrumb"},"inLanguage":"de-CH","potentialAction":[{"@type":"ReadAction","target":["https:\/\/www.lehrmittelverlag.ch\/cms\/verlag\/verlagsprogramm\/potz-honigtopf-und-besenstiel\/"]}]},{"@type":"BreadcrumbList","@id":"https:\/\/www.lehrmittelverlag.ch\/cms\/verlag\/verlagsprogramm\/potz-honigtopf-und-besenstiel\/#breadcrumb","itemListElement":[{"@type":"ListItem","position":1,"name":"Shop","item":"\/"},{"@type":"ListItem","position":2,"name":"Verlag","item":"https:\/\/www.lehrmittelverlag.ch\/cms\/verlag\/"},{"@type":"ListItem","position":3,"name":"Verlagsprogramm","item":"https:\/\/lehrmittelverlag.ch\/cms\/verlag\/verlagsprogramm\/"},{"@type":"ListItem","position":4,"name":"Potz Honigtopf und Besenstiel!"}]},{"@type":"WebSite","@id":"https:\/\/www.lehrmittelverlag.ch\/cms\/#website","url":"https:\/\/www.lehrmittelverlag.ch\/cms\/","name":"Lehrmittelverlag St. Gallen","description":"","publisher":{"@id":"https:\/\/www.lehrmittelverlag.ch\/cms\/#organization"},"potentialAction":[{"@type":"SearchAction","target":{"@type":"EntryPoint","urlTemplate":"https:\/\/www.lehrmittelverlag.ch\/cms\/?s={search_term_string}"},"query-input":{"@type":"PropertyValueSpecification","valueRequired":true,"valueName":"search_term_string"}}],"inLanguage":"de-CH"},{"@type":"Organization","@id":"https:\/\/www.lehrmittelverlag.ch\/cms\/#organization","name":"Lehrmittelverlag St. Gallen","url":"https:\/\/www.lehrmittelverlag.ch\/cms\/","logo":{"@type":"ImageObject","inLanguage":"de-CH","@id":"https:\/\/www.lehrmittelverlag.ch\/cms\/#\/schema\/logo\/image\/","url":"https:\/\/www.lehrmittelverlag.ch\/cms\/wp-content\/uploads\/2022\/11\/logo-lmvsg.png","contentUrl":"https:\/\/www.lehrmittelverlag.ch\/cms\/wp-content\/uploads\/2022\/11\/logo-lmvsg.png","width":899,"height":349,"caption":"Lehrmittelverlag St. Gallen"},"image":{"@id":"https:\/\/www.lehrmittelverlag.ch\/cms\/#\/schema\/logo\/image\/"},"sameAs":["https:\/\/www.facebook.com\/LehrmittelverlagSG\/","https:\/\/x.com\/Lehrmittel_SG"]}]}},"_links":{"self":[{"href":"https:\/\/lehrmittelverlag.ch\/cms\/wp-json\/wp\/v2\/pages\/4349","targetHints":{"allow":["GET"]}}],"collection":[{"href":"https:\/\/lehrmittelverlag.ch\/cms\/wp-json\/wp\/v2\/pages"}],"about":[{"href":"https:\/\/lehrmittelverlag.ch\/cms\/wp-json\/wp\/v2\/types\/page"}],"author":[{"embeddable":true,"href":"https:\/\/lehrmittelverlag.ch\/cms\/wp-json\/wp\/v2\/users\/4"}],"replies":[{"embeddable":true,"href":"https:\/\/lehrmittelverlag.ch\/cms\/wp-json\/wp\/v2\/comments?post=4349"}],"version-history":[{"count":14,"href":"https:\/\/lehrmittelverlag.ch\/cms\/wp-json\/wp\/v2\/pages\/4349\/revisions"}],"predecessor-version":[{"id":4488,"href":"https:\/\/lehrmittelverlag.ch\/cms\/wp-json\/wp\/v2\/pages\/4349\/revisions\/4488"}],"up":[{"embeddable":true,"href":"https:\/\/lehrmittelverlag.ch\/cms\/wp-json\/wp\/v2\/pages\/67"}],"wp:attachment":[{"href":"https:\/\/lehrmittelverlag.ch\/cms\/wp-json\/wp\/v2\/media?parent=4349"}],"curies":[{"name":"wp","href":"https:\/\/api.w.org\/{rel}","templated":true}]}}